{"id":4003,"date":"2024-04-30T10:14:27","date_gmt":"2024-04-30T08:14:27","guid":{"rendered":"https:\/\/www.marmottan.fr\/?post_type=evenement&#038;p=4003"},"modified":"2025-04-30T12:09:08","modified_gmt":"2025-04-30T10:09:08","slug":"test-devenements","status":"publish","type":"evenement","link":"https:\/\/www.marmottan.fr\/en\/evenements\/test-devenements\/","title":{"rendered":"Nuit Europ\u00e9enne des mus\u00e9es"},"content":{"rendered":"<p>\u00c0 l\u2019occasion de la 21\u1d49 \u00e9dition de la <strong>Nuit Europ\u00e9enne des mus\u00e9es<\/strong>, le mus\u00e9e Marmottan Monet ouvre ses portes en nocturne et invite le public \u00e0 vivre une exp\u00e9rience unique au c\u0153ur de ses collections.<\/p>\n<p>Pour sa deuxi\u00e8me participation \u00e0 cet \u00e9v\u00e9nement culturel majeur, le mus\u00e9e propose un acc\u00e8s libre \u00e0 l\u2019ensemble de ses espaces :<br \/>\n<strong>Les collections permanentes<\/strong>, riches des chefs-d&#8217;\u0153uvre de Monet et des grands noms de l&#8217;impressionnisme<br \/>\n<strong>L\u2019exposition temporaire<\/strong> \u00ab Eug\u00e8ne Boudin, le p\u00e8re de l\u2019impressionnisme : une collection particuli\u00e8re \u00bb<br \/>\n<strong>Le Dialogue Inattendu<\/strong> \u00ab Morisot \/ P\u00e9trovitch. Soleil \u00bb<\/p>\n<p><strong>\u00ab La classe, l\u2019\u0153uvre ! \u00bb : Quand les \u00e9l\u00e8ves deviennent m\u00e9diateurs<\/strong><\/p>\n<p>Dans le cadre du dispositif national \u00ab La classe, l\u2019\u0153uvre ! \u00bb, en partenariat avec les minist\u00e8res de la Culture et de l\u2019\u00c9ducation nationale, le mus\u00e9e accueille les projets de deux \u00e9tablissements scolaires, fruit d\u2019un travail collaboratif entre \u00e9l\u00e8ves, enseignants et m\u00e9diateurs du mus\u00e9e.<\/p>\n<ul>\n<li><strong>19h \u2013 Cartels pour enfants<\/strong><br \/>\n\u00c9cole Keller, Paris 11e \u2013 Classe de CE1<br \/>\nAccompagn\u00e9s de leur enseignante et d\u2019une m\u00e9diatrice, les \u00e9l\u00e8ves ont explor\u00e9 les collections permanentes du mus\u00e9e pour cr\u00e9er des cartels augment\u00e9s, r\u00e9dig\u00e9s en langage FALC (Facile \u00e0 lire et \u00e0 comprendre). Pens\u00e9s pour le jeune public, ces cartels resteront install\u00e9s dans les salles du mus\u00e9e au-del\u00e0 de la Nuit des mus\u00e9es, enrichissant durablement le parcours de visite des familles.<\/li>\n<li><strong>19h30 \u2013 Eug\u00e8ne Boudin, un regard contemporain<\/strong><br \/>\nColl\u00e8ge Cesaria Evora, Montreuil \u2013 Classe de 4e<br \/>\nInspir\u00e9s par les \u0153uvres de l\u2019exposition \u00ab Eug\u00e8ne Boudin, le p\u00e8re de l\u2019impressionnisme \u00bb, les \u00e9l\u00e8ves proposent une interpr\u00e9tation contemporaine de l\u2019univers du peintre normand. Po\u00e9sie, photographie, arts plastiques\u2026 leur projet artistique prend la forme d\u2019un dialogue sensible entre le regard d\u2019hier et celui d\u2019aujourd\u2019hui.<\/li>\n<\/ul>\n<p><strong>Informations pratiques :<\/strong><br \/>\nTous publics<br \/>\nEntr\u00e9e libre et gratuite<br \/>\nHoraires d&#8217;ouverture : de 18h30 \u00e0 22h. Derni\u00e8re entr\u00e9e \u00e0 21h.<\/p>\n<p><strong>La Nuit europ\u00e9enne des mus\u00e9es est organis\u00e9e par le minist\u00e8re de la Culture, en liaison avec les Directions r\u00e9gionales des affaires culturelles (DRAC).<\/strong><\/p>\n","protected":false},"author":1,"featured_media":4684,"menu_order":0,"template":"","class_list":["post-4003","evenement","type-evenement","status-publish","has-post-thumbnail","hentry","entry"],"acf":[],"yoast_head":"<!-- This site is optimized with the Yoast SEO plugin v24.6 - https:\/\/yoast.com\/wordpress\/plugins\/seo\/ -->\n<title>Nuit Europ\u00e9enne des mus\u00e9es &#8212; Mus\u00e9e Marmottan Monet<\/title>\n<meta name=\"robots\" content=\"index, follow, max-snippet:-1, max-image-preview:large, max-video-preview:-1\" \/>\n<link rel=\"canonical\" href=\"https:\/\/www.marmottan.fr\/evenements\/test-devenements\/\" \/>\n<meta property=\"og:locale\" content=\"en_US\" \/>\n<meta property=\"og:type\" content=\"article\" \/>\n<meta property=\"og:title\" content=\"Nuit Europ\u00e9enne des mus\u00e9es &#8212; Mus\u00e9e Marmottan Monet\" \/>\n<meta property=\"og:description\" content=\"\u00c0 l\u2019occasion de la 21\u1d49 \u00e9dition de la Nuit Europ\u00e9enne des mus\u00e9es, le mus\u00e9e Marmottan Monet ouvre ses portes en nocturne et invite le public \u00e0 vivre une exp\u00e9rience unique au c\u0153ur de ses collections. Pour sa deuxi\u00e8me participation \u00e0 cet \u00e9v\u00e9nement culturel majeur, le mus\u00e9e propose un acc\u00e8s libre \u00e0 l\u2019ensemble de ses espaces [&hellip;]\" \/>\n<meta property=\"og:url\" content=\"https:\/\/www.marmottan.fr\/evenements\/test-devenements\/\" \/>\n<meta property=\"og:site_name\" content=\"Mus\u00e9e Marmottan Monet\" \/>\n<meta property=\"article:modified_time\" content=\"2025-04-30T10:09:08+00:00\" \/>\n<meta property=\"og:image\" content=\"https:\/\/www.marmottan.fr\/wp-content\/uploads\/2024\/04\/cd9fbfeafb50-Format_1x1.jpg\" \/>\n\t<meta property=\"og:image:width\" content=\"1080\" \/>\n\t<meta property=\"og:image:height\" content=\"602\" \/>\n\t<meta property=\"og:image:type\" content=\"image\/jpeg\" \/>\n<meta name=\"twitter:card\" content=\"summary_large_image\" \/>\n<meta name=\"twitter:label1\" content=\"Est. reading time\" \/>\n\t<meta name=\"twitter:data1\" content=\"2 minutes\" \/>\n<script type=\"application\/ld+json\" class=\"yoast-schema-graph\">{\"@context\":\"https:\/\/schema.org\",\"@graph\":[{\"@type\":\"WebPage\",\"@id\":\"https:\/\/www.marmottan.fr\/evenements\/test-devenements\/\",\"url\":\"https:\/\/www.marmottan.fr\/evenements\/test-devenements\/\",\"name\":\"Nuit Europ\u00e9enne des mus\u00e9es &#8212; Mus\u00e9e Marmottan Monet\",\"isPartOf\":{\"@id\":\"https:\/\/www.marmottan.fr\/#website\"},\"primaryImageOfPage\":{\"@id\":\"https:\/\/www.marmottan.fr\/evenements\/test-devenements\/#primaryimage\"},\"image\":{\"@id\":\"https:\/\/www.marmottan.fr\/evenements\/test-devenements\/#primaryimage\"},\"thumbnailUrl\":\"https:\/\/www.marmottan.fr\/wp-content\/uploads\/2024\/04\/cd9fbfeafb50-Format_1x1.jpg\",\"datePublished\":\"2024-04-30T08:14:27+00:00\",\"dateModified\":\"2025-04-30T10:09:08+00:00\",\"breadcrumb\":{\"@id\":\"https:\/\/www.marmottan.fr\/evenements\/test-devenements\/#breadcrumb\"},\"inLanguage\":\"en-US\",\"potentialAction\":[{\"@type\":\"ReadAction\",\"target\":[\"https:\/\/www.marmottan.fr\/evenements\/test-devenements\/\"]}]},{\"@type\":\"ImageObject\",\"inLanguage\":\"en-US\",\"@id\":\"https:\/\/www.marmottan.fr\/evenements\/test-devenements\/#primaryimage\",\"url\":\"https:\/\/www.marmottan.fr\/wp-content\/uploads\/2024\/04\/cd9fbfeafb50-Format_1x1.jpg\",\"contentUrl\":\"https:\/\/www.marmottan.fr\/wp-content\/uploads\/2024\/04\/cd9fbfeafb50-Format_1x1.jpg\",\"width\":1080,\"height\":602},{\"@type\":\"BreadcrumbList\",\"@id\":\"https:\/\/www.marmottan.fr\/evenements\/test-devenements\/#breadcrumb\",\"itemListElement\":[{\"@type\":\"ListItem\",\"position\":1,\"name\":\"Accueil\",\"item\":\"https:\/\/www.marmottan.fr\/en\/\"},{\"@type\":\"ListItem\",\"position\":2,\"name\":\"Nuit Europ\u00e9enne des mus\u00e9es\"}]},{\"@type\":\"WebSite\",\"@id\":\"https:\/\/www.marmottan.fr\/#website\",\"url\":\"https:\/\/www.marmottan.fr\/\",\"name\":\"Mus\u00e9e Marmottan Monet\",\"description\":\"Paris\",\"potentialAction\":[{\"@type\":\"SearchAction\",\"target\":{\"@type\":\"EntryPoint\",\"urlTemplate\":\"https:\/\/www.marmottan.fr\/?s={search_term_string}\"},\"query-input\":{\"@type\":\"PropertyValueSpecification\",\"valueRequired\":true,\"valueName\":\"search_term_string\"}}],\"inLanguage\":\"en-US\"}]}<\/script>\n<!-- \/ Yoast SEO plugin. -->","yoast_head_json":{"title":"Nuit Europ\u00e9enne des mus\u00e9es &#8212; Mus\u00e9e Marmottan Monet","robots":{"index":"index","follow":"follow","max-snippet":"max-snippet:-1","max-image-preview":"max-image-preview:large","max-video-preview":"max-video-preview:-1"},"canonical":"https:\/\/www.marmottan.fr\/evenements\/test-devenements\/","og_locale":"en_US","og_type":"article","og_title":"Nuit Europ\u00e9enne des mus\u00e9es &#8212; Mus\u00e9e Marmottan Monet","og_description":"\u00c0 l\u2019occasion de la 21\u1d49 \u00e9dition de la Nuit Europ\u00e9enne des mus\u00e9es, le mus\u00e9e Marmottan Monet ouvre ses portes en nocturne et invite le public \u00e0 vivre une exp\u00e9rience unique au c\u0153ur de ses collections. Pour sa deuxi\u00e8me participation \u00e0 cet \u00e9v\u00e9nement culturel majeur, le mus\u00e9e propose un acc\u00e8s libre \u00e0 l\u2019ensemble de ses espaces [&hellip;]","og_url":"https:\/\/www.marmottan.fr\/evenements\/test-devenements\/","og_site_name":"Mus\u00e9e Marmottan Monet","article_modified_time":"2025-04-30T10:09:08+00:00","og_image":[{"width":1080,"height":602,"url":"https:\/\/www.marmottan.fr\/wp-content\/uploads\/2024\/04\/cd9fbfeafb50-Format_1x1.jpg","type":"image\/jpeg"}],"twitter_card":"summary_large_image","twitter_misc":{"Est. reading time":"2 minutes"},"schema":{"@context":"https:\/\/schema.org","@graph":[{"@type":"WebPage","@id":"https:\/\/www.marmottan.fr\/evenements\/test-devenements\/","url":"https:\/\/www.marmottan.fr\/evenements\/test-devenements\/","name":"Nuit Europ\u00e9enne des mus\u00e9es &#8212; Mus\u00e9e Marmottan Monet","isPartOf":{"@id":"https:\/\/www.marmottan.fr\/#website"},"primaryImageOfPage":{"@id":"https:\/\/www.marmottan.fr\/evenements\/test-devenements\/#primaryimage"},"image":{"@id":"https:\/\/www.marmottan.fr\/evenements\/test-devenements\/#primaryimage"},"thumbnailUrl":"https:\/\/www.marmottan.fr\/wp-content\/uploads\/2024\/04\/cd9fbfeafb50-Format_1x1.jpg","datePublished":"2024-04-30T08:14:27+00:00","dateModified":"2025-04-30T10:09:08+00:00","breadcrumb":{"@id":"https:\/\/www.marmottan.fr\/evenements\/test-devenements\/#breadcrumb"},"inLanguage":"en-US","potentialAction":[{"@type":"ReadAction","target":["https:\/\/www.marmottan.fr\/evenements\/test-devenements\/"]}]},{"@type":"ImageObject","inLanguage":"en-US","@id":"https:\/\/www.marmottan.fr\/evenements\/test-devenements\/#primaryimage","url":"https:\/\/www.marmottan.fr\/wp-content\/uploads\/2024\/04\/cd9fbfeafb50-Format_1x1.jpg","contentUrl":"https:\/\/www.marmottan.fr\/wp-content\/uploads\/2024\/04\/cd9fbfeafb50-Format_1x1.jpg","width":1080,"height":602},{"@type":"BreadcrumbList","@id":"https:\/\/www.marmottan.fr\/evenements\/test-devenements\/#breadcrumb","itemListElement":[{"@type":"ListItem","position":1,"name":"Accueil","item":"https:\/\/www.marmottan.fr\/en\/"},{"@type":"ListItem","position":2,"name":"Nuit Europ\u00e9enne des mus\u00e9es"}]},{"@type":"WebSite","@id":"https:\/\/www.marmottan.fr\/#website","url":"https:\/\/www.marmottan.fr\/","name":"Mus\u00e9e Marmottan Monet","description":"Paris","potentialAction":[{"@type":"SearchAction","target":{"@type":"EntryPoint","urlTemplate":"https:\/\/www.marmottan.fr\/?s={search_term_string}"},"query-input":{"@type":"PropertyValueSpecification","valueRequired":true,"valueName":"search_term_string"}}],"inLanguage":"en-US"}]}},"_links":{"self":[{"href":"https:\/\/www.marmottan.fr\/en\/wp-json\/wp\/v2\/evenement\/4003"}],"collection":[{"href":"https:\/\/www.marmottan.fr\/en\/wp-json\/wp\/v2\/evenement"}],"about":[{"href":"https:\/\/www.marmottan.fr\/en\/wp-json\/wp\/v2\/types\/evenement"}],"author":[{"embeddable":true,"href":"https:\/\/www.marmottan.fr\/en\/wp-json\/wp\/v2\/users\/1"}],"version-history":[{"count":15,"href":"https:\/\/www.marmottan.fr\/en\/wp-json\/wp\/v2\/evenement\/4003\/revisions"}],"predecessor-version":[{"id":4693,"href":"https:\/\/www.marmottan.fr\/en\/wp-json\/wp\/v2\/evenement\/4003\/revisions\/4693"}],"wp:featuredmedia":[{"embeddable":true,"href":"https:\/\/www.marmottan.fr\/en\/wp-json\/wp\/v2\/media\/4684"}],"wp:attachment":[{"href":"https:\/\/www.marmottan.fr\/en\/wp-json\/wp\/v2\/media?parent=4003"}],"curies":[{"name":"wp","href":"https:\/\/api.w.org\/{rel}","templated":true}]}}